{"id":149,"date":"2022-07-20T10:09:50","date_gmt":"2022-07-20T13:09:50","guid":{"rendered":"https:\/\/www.ciudadesintermedias.org\/secretariado-tecnico\/"},"modified":"2023-10-17T18:52:53","modified_gmt":"2023-10-17T21:52:53","slug":"secretariado-tecnico","status":"publish","type":"page","link":"https:\/\/www.ciudadesintermedias.org\/pt-br\/secretariado-tecnico\/","title":{"rendered":"Secretariado T\u00e9cnico"},"content":{"rendered":"\n<p>A Secretaria T\u00e9cnica \u00e9 respons\u00e1vel pelo Escrit\u00f3rio Regional da FAO para a Am\u00e9rica Latina e o Caribe e faz parte de suas a\u00e7\u00f5es no \u00e2mbito de sua <a href=\"https:\/\/www.fao.org\/publications\/card\/es\/c\/CA3151ES\/\" data-type=\"link\" data-id=\"https:\/\/www.fao.org\/publications\/card\/es\/c\/CA3151ES\/\" target=\"_blank\" rel=\"noreferrer noopener\">Agenda Alimentar Urbana.<\/a><\/p>\n\n\n\n<p>O Quadro da FAO para a Agenda Alimentar Urbana serve como uma estrat\u00e9gia corporativa que responde \u00e0s solicita\u00e7\u00f5es emergentes dos pa\u00edses, respondendo \u00e0 procura de uma abordagem multissetorial, multissetorial e multin\u00edvel que aborde a inseguran\u00e7a alimentar e a desnutri\u00e7\u00e3o no mundo. cont\u00ednuo urbano.<\/p>\n\n\n\n<p>O Quadro explica porque \u00e9 que a FAO est\u00e1 numa posi\u00e7\u00e3o \u00fanica para influenciar positivamente a agenda alimentar urbana global e define os princ\u00edpios orientadores que garantem a plena inclus\u00e3o dos objectivos da Agenda 2030.<\/p>\n\n\n\n<p>Os resultados esperados foram determinados como produto de um processo de consulta inclusivo. Al\u00e9m disso, para alcan\u00e7\u00e1-los, s\u00e3o apresentadas as bases para um programa de a\u00e7\u00e3o global com sete \u00e1reas gerais de apoio (AGA). As OGP compreendem a abordagem tripla 3E na qual a FAO, juntamente com os seus parceiros, ajuda os governos a: i) Estabelecer melhores ambientes pol\u00edticos atrav\u00e9s de leis, regulamentos, governa\u00e7\u00e3o e capacita\u00e7\u00e3o de institui\u00e7\u00f5es; ii) Implementar as a\u00e7\u00f5es necess\u00e1rias de acordo com as realidades espec\u00edficas do contexto, incluindo cadeias de abastecimento mais curtas, compras p\u00fablicas inclusivas de alimentos, empresas agroalimentares inovadoras, alimentos mais saud\u00e1veis \u200b\u200be mais acess\u00edveis e ambientes verdes, cadeias de abastecimento otimizadas e bioeconomia sustent\u00e1vel; iii) Ampliar as boas pr\u00e1ticas atrav\u00e9s do interc\u00e2mbio de informa\u00e7\u00f5es e da coopera\u00e7\u00e3o translocal e formar uma base para um f\u00f3rum global independente que incentive a participa\u00e7\u00e3o de diferentes n\u00edveis de governo para que as boas pr\u00e1ticas de governa\u00e7\u00e3o alimentar sejam eficazmente promovidas.<\/p>\n\n\n\n<div style=\"height:100px\" aria-hidden=\"true\" class=\"wp-block-spacer\"><\/div>\n","protected":false},"excerpt":{"rendered":"<p>A Secretaria T\u00e9cnica \u00e9 respons\u00e1vel pelo Escrit\u00f3rio Regional da FAO para a Am\u00e9rica Latina e o Caribe e faz parte de suas a\u00e7\u00f5es no \u00e2mbito de sua Agenda Alimentar Urbana. O Quadro da FAO para a Agenda Alimentar Urbana serve como uma estrat\u00e9gia corporativa que responde \u00e0s solicita\u00e7\u00f5es emergentes dos pa\u00edses, respondendo \u00e0 procura de [&hellip;]<\/p>\n","protected":false},"author":1,"featured_media":0,"parent":0,"menu_order":0,"comment_status":"closed","ping_status":"closed","template":"","meta":{"_uag_custom_page_level_css":"","footnotes":""},"class_list":["post-149","page","type-page","status-publish","hentry"],"uagb_featured_image_src":{"full":false,"thumbnail":false,"medium":false,"medium_large":false,"large":false,"1536x1536":false,"2048x2048":false},"uagb_author_info":{"display_name":"pablo","author_link":"https:\/\/www.ciudadesintermedias.org\/pt-br\/author\/pablo\/"},"uagb_comment_info":0,"uagb_excerpt":"A Secretaria T\u00e9cnica \u00e9 respons\u00e1vel pelo Escrit\u00f3rio Regional da FAO para a Am\u00e9rica Latina e o Caribe e faz parte de suas a\u00e7\u00f5es no \u00e2mbito de sua Agenda Alimentar Urbana. O Quadro da FAO para a Agenda Alimentar Urbana serve como uma estrat\u00e9gia corporativa que responde \u00e0s solicita\u00e7\u00f5es emergentes dos pa\u00edses, respondendo \u00e0 procura de&hellip;","_links":{"self":[{"href":"https:\/\/www.ciudadesintermedias.org\/pt-br\/wp-json\/wp\/v2\/pages\/149","targetHints":{"allow":["GET"]}}],"collection":[{"href":"https:\/\/www.ciudadesintermedias.org\/pt-br\/wp-json\/wp\/v2\/pages"}],"about":[{"href":"https:\/\/www.ciudadesintermedias.org\/pt-br\/wp-json\/wp\/v2\/types\/page"}],"author":[{"embeddable":true,"href":"https:\/\/www.ciudadesintermedias.org\/pt-br\/wp-json\/wp\/v2\/users\/1"}],"replies":[{"embeddable":true,"href":"https:\/\/www.ciudadesintermedias.org\/pt-br\/wp-json\/wp\/v2\/comments?post=149"}],"version-history":[{"count":4,"href":"https:\/\/www.ciudadesintermedias.org\/pt-br\/wp-json\/wp\/v2\/pages\/149\/revisions"}],"predecessor-version":[{"id":321,"href":"https:\/\/www.ciudadesintermedias.org\/pt-br\/wp-json\/wp\/v2\/pages\/149\/revisions\/321"}],"wp:attachment":[{"href":"https:\/\/www.ciudadesintermedias.org\/pt-br\/wp-json\/wp\/v2\/media?parent=149"}],"curies":[{"name":"wp","href":"https:\/\/api.w.org\/{rel}","templated":true}]}}