{"id":155,"date":"2022-07-20T10:17:50","date_gmt":"2022-07-20T13:17:50","guid":{"rendered":"https:\/\/www.ciudadesintermedias.org\/contato\/"},"modified":"2023-10-17T17:20:09","modified_gmt":"2023-10-17T20:20:09","slug":"contato","status":"publish","type":"page","link":"https:\/\/www.ciudadesintermedias.org\/pt-br\/contato\/","title":{"rendered":"CONTATO"},"content":{"rendered":"\n<p>Prefeitos e prefeitos e equipes municipais de cidades pequenas e intermedi\u00e1rias, que contam con um m\u00e1ximo de 1 milh\u00e3o de habitantes e que se encontrem em fase de arranque ou em pleno exerc\u00edcio das suas fun\u00e7\u00f5es podem aderir \u00e0 rede:<\/p>\n\n<div class=\"wp-block-columns is-layout-flex wp-container-core-columns-is-layout-28f84493 wp-block-columns-is-layout-flex\">\n<div class=\"wp-block-column is-layout-flow wp-block-column-is-layout-flow\">\n<div class=\"wp-block-contact-form-7-contact-form-selector\">\n<div class=\"wpcf7 no-js\" id=\"wpcf7-f172-o1\" lang=\"pt-BR\" dir=\"ltr\" data-wpcf7-id=\"172\">\n<div class=\"screen-reader-response\"><p role=\"status\" aria-live=\"polite\" aria-atomic=\"true\"><\/p> <ul><\/ul><\/div>\n<form action=\"\/pt-br\/wp-json\/wp\/v2\/pages\/155#wpcf7-f172-o1\" method=\"post\" class=\"wpcf7-form init\" aria-label=\"Formul\u00e1rios de contato\" novalidate=\"novalidate\" data-status=\"init\">\n<fieldset class=\"hidden-fields-container\"><input type=\"hidden\" name=\"_wpcf7\" value=\"172\" \/><input type=\"hidden\" name=\"_wpcf7_version\" value=\"6.1.3\" \/><input type=\"hidden\" name=\"_wpcf7_locale\" value=\"pt_BR\" \/><input type=\"hidden\" name=\"_wpcf7_unit_tag\" value=\"wpcf7-f172-o1\" \/><input type=\"hidden\" name=\"_wpcf7_container_post\" value=\"0\" \/><input type=\"hidden\" name=\"_wpcf7_posted_data_hash\" value=\"\" \/><input type=\"hidden\" name=\"_wpcf7_recaptcha_response\" value=\"\" \/>\n<\/fieldset>\n<p><label> Seu nome<br \/>\n<span class=\"wpcf7-form-control-wrap\" data-name=\"your-name\"><input size=\"40\" maxlength=\"400\" class=\"wpcf7-form-control wpcf7-text wpcf7-validates-as-required\" aria-required=\"true\" aria-invalid=\"false\" value=\"\" type=\"text\" name=\"your-name\" \/><\/span> <\/label>\n<\/p>\n<p><label> Seu e-mail<br \/>\n<span class=\"wpcf7-form-control-wrap\" data-name=\"your-email\"><input size=\"40\" maxlength=\"400\" class=\"wpcf7-form-control wpcf7-email wpcf7-validates-as-required wpcf7-text wpcf7-validates-as-email\" aria-required=\"true\" aria-invalid=\"false\" value=\"\" type=\"email\" name=\"your-email\" \/><\/span> <\/label>\n<\/p>\n<p><label> Assunto<br \/>\n<span class=\"wpcf7-form-control-wrap\" data-name=\"your-subject\"><input size=\"40\" maxlength=\"400\" class=\"wpcf7-form-control wpcf7-text wpcf7-validates-as-required\" aria-required=\"true\" aria-invalid=\"false\" value=\"\" type=\"text\" name=\"your-subject\" \/><\/span> <\/label>\n<\/p>\n<p><label> Sua mensagem<br \/>\n<span class=\"wpcf7-form-control-wrap\" data-name=\"your-message\"><textarea cols=\"40\" rows=\"10\" maxlength=\"2000\" class=\"wpcf7-form-control wpcf7-textarea\" aria-invalid=\"false\" name=\"your-message\"><\/textarea><\/span> <\/label>\n<\/p>\n<p><input class=\"wpcf7-form-control wpcf7-submit has-spinner\" type=\"submit\" value=\"Enviar\" \/>\n<\/p><p style=\"display: none !important;\" class=\"akismet-fields-container\" data-prefix=\"_wpcf7_ak_\"><label>&#916;<textarea name=\"_wpcf7_ak_hp_textarea\" cols=\"45\" rows=\"8\" maxlength=\"100\"><\/textarea><\/label><input type=\"hidden\" id=\"ak_js_1\" name=\"_wpcf7_ak_js\" value=\"73\"\/><script>document.getElementById( \"ak_js_1\" ).setAttribute( \"value\", ( new Date() ).getTime() );<\/script><\/p><div class=\"wpcf7-response-output\" aria-hidden=\"true\"><\/div>\n<\/form>\n<\/div>\n<\/div>\n<\/div>\n\n\n\n<div class=\"wp-block-column is-layout-flow wp-block-column-is-layout-flow\">\n<ul class=\"has-background wp-block-list\" style=\"background-color:#8dd2fc73\">\n<li>Dirigir-se \u00e0 Presid\u00eancia da Rede:<br\/>presidencia@ciudadesintermedias.org<\/li>\n\n\n\n<li>Atrav\u00e9s do secretariado t\u00e9cnico,<br\/>contactando os servi\u00e7os nacionais<br\/>da FAO no seu respectivo pa\u00eds.<\/li>\n<\/ul>\n<\/div>\n<\/div>\n","protected":false},"excerpt":{"rendered":"<p>Prefeitos e prefeitos e equipes municipais de cidades pequenas e intermedi\u00e1rias, que contam con um m\u00e1ximo de 1 milh\u00e3o de habitantes e que se encontrem em fase de arranque ou em pleno exerc\u00edcio das suas fun\u00e7\u00f5es podem aderir \u00e0 rede:<\/p>\n","protected":false},"author":1,"featured_media":0,"parent":0,"menu_order":0,"comment_status":"closed","ping_status":"closed","template":"","meta":{"_uag_custom_page_level_css":"","footnotes":""},"class_list":["post-155","page","type-page","status-publish","hentry"],"uagb_featured_image_src":{"full":false,"thumbnail":false,"medium":false,"medium_large":false,"large":false,"1536x1536":false,"2048x2048":false},"uagb_author_info":{"display_name":"pablo","author_link":"https:\/\/www.ciudadesintermedias.org\/pt-br\/author\/pablo\/"},"uagb_comment_info":0,"uagb_excerpt":"Prefeitos e prefeitos e equipes municipais de cidades pequenas e intermedi\u00e1rias, que contam con um m\u00e1ximo de 1 milh\u00e3o de habitantes e que se encontrem em fase de arranque ou em pleno exerc\u00edcio das suas fun\u00e7\u00f5es podem aderir \u00e0 rede:","_links":{"self":[{"href":"https:\/\/www.ciudadesintermedias.org\/pt-br\/wp-json\/wp\/v2\/pages\/155","targetHints":{"allow":["GET"]}}],"collection":[{"href":"https:\/\/www.ciudadesintermedias.org\/pt-br\/wp-json\/wp\/v2\/pages"}],"about":[{"href":"https:\/\/www.ciudadesintermedias.org\/pt-br\/wp-json\/wp\/v2\/types\/page"}],"author":[{"embeddable":true,"href":"https:\/\/www.ciudadesintermedias.org\/pt-br\/wp-json\/wp\/v2\/users\/1"}],"replies":[{"embeddable":true,"href":"https:\/\/www.ciudadesintermedias.org\/pt-br\/wp-json\/wp\/v2\/comments?post=155"}],"version-history":[{"count":2,"href":"https:\/\/www.ciudadesintermedias.org\/pt-br\/wp-json\/wp\/v2\/pages\/155\/revisions"}],"predecessor-version":[{"id":281,"href":"https:\/\/www.ciudadesintermedias.org\/pt-br\/wp-json\/wp\/v2\/pages\/155\/revisions\/281"}],"wp:attachment":[{"href":"https:\/\/www.ciudadesintermedias.org\/pt-br\/wp-json\/wp\/v2\/media?parent=155"}],"curies":[{"name":"wp","href":"https:\/\/api.w.org\/{rel}","templated":true}]}}