{"id":306,"date":"2023-10-17T15:21:05","date_gmt":"2023-10-17T18:21:05","guid":{"rendered":"https:\/\/www.ciudadesintermedias.org\/principios\/"},"modified":"2023-10-17T18:08:07","modified_gmt":"2023-10-17T21:08:07","slug":"principios","status":"publish","type":"page","link":"https:\/\/www.ciudadesintermedias.org\/pt-br\/principios\/","title":{"rendered":"Princ\u00edpios"},"content":{"rendered":"\n<p class=\"has-text-align-left\"><strong>A Rede CISA baseia a sua atua\u00e7\u00e3o nos seguintes princ\u00edpios:<\/strong><\/p>\n\n<div class=\"wp-block-columns is-layout-flex wp-container-core-columns-is-layout-28f84493 wp-block-columns-is-layout-flex\">\n<div class=\"wp-block-column is-layout-flow wp-block-column-is-layout-flow\">\n<p class=\"has-background\" style=\"background-color:#6c9e5740\"><strong>Coopera\u00e7\u00e3o:<\/strong> <br\/>A Rede privilegia a utiliza\u00e7\u00e3o de experi\u00eancias e li\u00e7\u00f5es aprendidas nos pa\u00edses da Regi\u00e3o e como estas podem ser \u00fateis para outros pa\u00edses.<\/p>\n<\/div>\n\n\n\n<div class=\"wp-block-column is-layout-flow wp-block-column-is-layout-flow\">\n<p class=\"has-background\" style=\"background-color:#fcb9003b\"><strong>Solidariedade:<\/strong> <br\/>A Rede prestar\u00e1 apoio oportuno a todos os seus membros quando a situa\u00e7\u00e3o o justificar e poder\u00e1 oferecer coopera\u00e7\u00e3o humanit\u00e1ria.<\/p>\n<\/div>\n\n\n\n<div class=\"wp-block-column is-layout-flow wp-block-column-is-layout-flow\">\n<p class=\"has-background\" style=\"background-color:#ffe2c761\"><strong>Compromisso: <\/strong><br\/>Os membros da Rede contribuem apenas pelo interesse de colaborar na gest\u00e3o da potencializa\u00e7\u00e3o e integra\u00e7\u00e3o das Cidades Intermedi\u00e1rias da regi\u00e3o.<\/p>\n<\/div>\n<\/div>\n\n<div class=\"wp-block-columns is-layout-flex wp-container-core-columns-is-layout-28f84493 wp-block-columns-is-layout-flex\">\n<div class=\"wp-block-column is-layout-flow wp-block-column-is-layout-flow\">\n<p class=\"has-background\" style=\"background-color:#fcb9003b\"><strong>Inclusividade:<\/strong> <br\/>A Rede inclui representantes de cidades que apresentam diferentes realidades produtivas e incentiva os pa\u00edses a aderirem \u00e0 implementa\u00e7\u00e3o de uma estrat\u00e9gia regional de desenvolvimento sustent\u00e1vel, com foco especial em popula\u00e7\u00f5es historicamente vulner\u00e1veis, como povos ind\u00edgenas, afrodescendentes, entre outros.<\/p>\n<\/div>\n\n\n\n<div class=\"wp-block-column is-layout-flow wp-block-column-is-layout-flow\">\n<p class=\"has-background\" style=\"background-color:#ffe2c761\"><strong>Igualdade de g\u00eanero: <\/strong><br\/>A Rede considera a igualdade de g\u00e9nero como um princ\u00edpio central para atingir os seus objectivos, reconhecendo os diferentes pap\u00e9is que as mulheres desempenham no funcionamento, progresso e resili\u00eancia das Cidades Interm\u00e9dias. O empoderamento das mulheres ser\u00e1 um factor chave para o trabalho da Rede, cuja promo\u00e7\u00e3o ser\u00e1 permanente em todas as suas ac\u00e7\u00f5es.<\/p>\n<\/div>\n\n\n\n<div class=\"wp-block-column is-layout-flow wp-block-column-is-layout-flow\">\n<p class=\"has-background\" style=\"background-color:#6c9e5740\"><strong>Abordagem dos direitos humanos:<\/strong> <br\/>A Rede, no \u00e2mbito do seu trabalho, considerar\u00e1 as caracter\u00edsticas e a diversidade das popula\u00e7\u00f5es que habitam o territ\u00f3rio latino-americano, centrando-se nos grupos que est\u00e3o sujeitos a maior exclus\u00e3o, discrimina\u00e7\u00e3o e marginaliza\u00e7\u00e3o, com o objetivo de que as suas a\u00e7\u00f5es promovam e defender os direitos humanos na regi\u00e3o.<\/p>\n<\/div>\n<\/div>\n\n<div class=\"wp-block-columns is-layout-flex wp-container-core-columns-is-layout-28f84493 wp-block-columns-is-layout-flex\">\n<div class=\"wp-block-column is-layout-flow wp-block-column-is-layout-flow\">\n<p class=\"has-background\" style=\"background-color:#ffe2c761\"><strong>Transpar\u00eancia:<\/strong> <br\/>Todas as atividades da Rede e suas recomenda\u00e7\u00f5es s\u00e3o conhecidas por todos os grupos de interesse, al\u00e9m da presta\u00e7\u00e3o de contas por suas a\u00e7\u00f5es e decis\u00f5es tomadas.<\/p>\n<\/div>\n\n\n\n<div class=\"wp-block-column is-layout-flow wp-block-column-is-layout-flow\">\n<p class=\"has-background\" style=\"background-color:#6c9e5740\"><strong>Neutralidade:<\/strong> <br\/>A Rede n\u00e3o se posiciona por nenhuma entidade em particular, apenas fornece provas e colabora quando solicitada.<\/p>\n<\/div>\n\n\n\n<div class=\"wp-block-column is-layout-flow wp-block-column-is-layout-flow\">\n<p class=\"has-background\" style=\"background-color:#fcb9003b\"><strong>Independ\u00eancia:<\/strong> <br\/>A Rede n\u00e3o obedece \u00e0s instru\u00e7\u00f5es de nenhuma entidade espec\u00edfica no seu trabalho relativamente \u00e0 defini\u00e7\u00e3o de orienta\u00e7\u00f5es t\u00e9cnicas.<\/p>\n<\/div>\n<\/div>\n\n<div class=\"wp-block-columns is-layout-flex wp-container-core-columns-is-layout-28f84493 wp-block-columns-is-layout-flex\">\n<div class=\"wp-block-column is-layout-flow wp-block-column-is-layout-flow\">\n<p class=\"has-background\" style=\"background-color:#6c9e5740\"><strong>Sustentabilidade: <\/strong><br\/>A Rede avan\u00e7ar\u00e1 na promo\u00e7\u00e3o da sustentabilidade econ\u00f3mica, social e ambiental das cidades que a integram.<\/p>\n<\/div>\n\n\n\n<div class=\"wp-block-column is-layout-flow wp-block-column-is-layout-flow\">\n<p class=\"has-background\" style=\"background-color:#fcb9003b\"><strong>Desenvolvimento sustent\u00e1vel:<\/strong> <br\/>Todas as a\u00e7\u00f5es da Rede respeitar\u00e3o o direito a um ambiente equilibrado na constru\u00e7\u00e3o de uma produ\u00e7\u00e3o agr\u00edcola sustent\u00e1vel e amiga do ecossistema.<\/p>\n<\/div>\n\n\n\n<div class=\"wp-block-column is-layout-flow wp-block-column-is-layout-flow\"><\/div>\n<\/div>\n","protected":false},"excerpt":{"rendered":"<p>A Rede CISA baseia a sua atua\u00e7\u00e3o nos seguintes princ\u00edpios: Coopera\u00e7\u00e3o: A Rede privilegia a utiliza\u00e7\u00e3o de experi\u00eancias e li\u00e7\u00f5es aprendidas nos pa\u00edses da Regi\u00e3o e como estas podem ser \u00fateis para outros pa\u00edses. Solidariedade: A Rede prestar\u00e1 apoio oportuno a todos os seus membros quando a situa\u00e7\u00e3o o justificar e poder\u00e1 oferecer coopera\u00e7\u00e3o humanit\u00e1ria. [&hellip;]<\/p>\n","protected":false},"author":1,"featured_media":0,"parent":0,"menu_order":0,"comment_status":"closed","ping_status":"closed","template":"","meta":{"_uag_custom_page_level_css":"","footnotes":""},"class_list":["post-306","page","type-page","status-publish","hentry"],"uagb_featured_image_src":{"full":false,"thumbnail":false,"medium":false,"medium_large":false,"large":false,"1536x1536":false,"2048x2048":false},"uagb_author_info":{"display_name":"pablo","author_link":"https:\/\/www.ciudadesintermedias.org\/pt-br\/author\/pablo\/"},"uagb_comment_info":0,"uagb_excerpt":"A Rede CISA baseia a sua atua\u00e7\u00e3o nos seguintes princ\u00edpios: Coopera\u00e7\u00e3o: A Rede privilegia a utiliza\u00e7\u00e3o de experi\u00eancias e li\u00e7\u00f5es aprendidas nos pa\u00edses da Regi\u00e3o e como estas podem ser \u00fateis para outros pa\u00edses. Solidariedade: A Rede prestar\u00e1 apoio oportuno a todos os seus membros quando a situa\u00e7\u00e3o o justificar e poder\u00e1 oferecer coopera\u00e7\u00e3o humanit\u00e1ria.&hellip;","_links":{"self":[{"href":"https:\/\/www.ciudadesintermedias.org\/pt-br\/wp-json\/wp\/v2\/pages\/306","targetHints":{"allow":["GET"]}}],"collection":[{"href":"https:\/\/www.ciudadesintermedias.org\/pt-br\/wp-json\/wp\/v2\/pages"}],"about":[{"href":"https:\/\/www.ciudadesintermedias.org\/pt-br\/wp-json\/wp\/v2\/types\/page"}],"author":[{"embeddable":true,"href":"https:\/\/www.ciudadesintermedias.org\/pt-br\/wp-json\/wp\/v2\/users\/1"}],"replies":[{"embeddable":true,"href":"https:\/\/www.ciudadesintermedias.org\/pt-br\/wp-json\/wp\/v2\/comments?post=306"}],"version-history":[{"count":3,"href":"https:\/\/www.ciudadesintermedias.org\/pt-br\/wp-json\/wp\/v2\/pages\/306\/revisions"}],"predecessor-version":[{"id":315,"href":"https:\/\/www.ciudadesintermedias.org\/pt-br\/wp-json\/wp\/v2\/pages\/306\/revisions\/315"}],"wp:attachment":[{"href":"https:\/\/www.ciudadesintermedias.org\/pt-br\/wp-json\/wp\/v2\/media?parent=306"}],"curies":[{"name":"wp","href":"https:\/\/api.w.org\/{rel}","templated":true}]}}